{"id":1912,"date":"2025-10-28T17:23:01","date_gmt":"2025-10-28T17:23:01","guid":{"rendered":"https:\/\/www.osteopalma.eu\/?page_id=1912"},"modified":"2025-10-28T19:41:30","modified_gmt":"2025-10-28T19:41:30","slug":"osteopata-nerea-cuesta-lucia","status":"publish","type":"page","link":"https:\/\/www.osteopalma.eu\/es\/osteopata-nerea-cuesta-lucia\/","title":{"rendered":"Osteopath Nerea Cuesta Luc\u00eda"},"content":{"rendered":"<p>[et_pb_section fb_built=\u00bb1&#8243; admin_label=\u00bbHero\u00bb _builder_version=\u00bb4.27.4&#8243; use_background_color_gradient=\u00bbon\u00bb background_color_gradient_stops=\u00bbrgba(255,255,255,0.43) 0%|rgba(255,255,255,0.43) 100%\u00bb background_color_gradient_overlays_image=\u00bbon\u00bb background_color_gradient_start=\u00bbrgba(255,255,255,0.43)\u00bb background_color_gradient_end=\u00bbrgba(255,255,255,0.43)\u00bb background_image=\u00bbhttps:\/\/www.osteopalma.eu\/wp-content\/uploads\/2025\/10\/osteopalma-nera-cuesta-lucia-pediatric-osteopath-mallorca.jpg\u00bb custom_padding=\u00bb10vw||10vw||true|\u00bb locked=\u00bboff\u00bb global_colors_info=\u00bb{}\u00bb][et_pb_row _builder_version=\u00bb4.16&#8243; background_size=\u00bbinitial\u00bb background_position=\u00bbtop_left\u00bb background_repeat=\u00bbrepeat\u00bb global_colors_info=\u00bb{}\u00bb][et_pb_column type=\u00bb4_4&#8243; _builder_version=\u00bb4.16&#8243; custom_padding=\u00bb|||\u00bb global_colors_info=\u00bb{}\u00bb custom_padding__hover=\u00bb|||\u00bb][et_pb_text _builder_version=\u00bb4.27.4&#8243; _module_preset=\u00bbdefault\u00bb header_text_align=\u00bbleft\u00bb header_text_color=\u00bb#234a5e\u00bb header_font_size=\u00bb38px\u00bb header_line_height=\u00bb1.5em\u00bb custom_margin=\u00bb||||false|false\u00bb header_font_size_tablet=\u00bb32px\u00bb header_font_size_phone=\u00bb28px\u00bb header_font_size_last_edited=\u00bbon|phone\u00bb global_colors_info=\u00bb{}\u00bb]<\/p>\n<h1>OSTEOPATA<\/h1>\n<h1><b>Nerea Cuesta Luc\u00eda<\/b><\/h1>\n<p>[\/et_pb_text][et_pb_button button_url=\u00bb@ET-DC@eyJkeW5hbWljIjp0cnVlLCJjb250ZW50IjoicG9zdF9saW5rX3VybF9wYWdlIiwic2V0dGluZ3MiOnsicG9zdF9pZCI6IjIzNyIsImVuYWJsZV9odG1sIjoib2ZmIn19@\u00bb button_text=\u00bbReservar ahora\u00bb button_alignment=\u00bbleft\u00bb _builder_version=\u00bb4.27.4&#8243; _dynamic_attributes=\u00bbbutton_url\u00bb _module_preset=\u00bbdefault\u00bb custom_button=\u00bbon\u00bb button_text_color=\u00bb#FFFFFF\u00bb button_border_color=\u00bb#FFFFFF\u00bb global_colors_info=\u00bb{}\u00bb button_text_color__hover=\u00bb#83C340&#8243; button_text_color__hover_enabled=\u00bbon|hover\u00bb button_bg_color__hover=\u00bb#234A5E\u00bb button_bg_color__hover_enabled=\u00bbon|hover\u00bb button_border_radius__hover_enabled=\u00bbon|hover\u00bb button_letter_spacing__hover=\u00bb0px\u00bb button_letter_spacing__hover_enabled=\u00bbon\u00bb][\/et_pb_button][\/et_pb_column][\/et_pb_row][\/et_pb_section][et_pb_section fb_built=\u00bb1&#8243; _builder_version=\u00bb4.16&#8243; _module_preset=\u00bbdefault\u00bb custom_margin=\u00bb0px|0px|0px|0px|false|false\u00bb custom_padding=\u00bb0px|0px|0px|0px|false|false\u00bb locked=\u00bboff\u00bb global_colors_info=\u00bb{}\u00bb][et_pb_row column_structure=\u00bb1_4,1_4,1_4,1_4&#8243; use_custom_gutter=\u00bbon\u00bb gutter_width=\u00bb1&#8243; _builder_version=\u00bb4.27.4&#8243; _module_preset=\u00bbdefault\u00bb width=\u00bb100%\u00bb custom_margin=\u00bb0px|0px|0px|0px|false|false\u00bb custom_padding=\u00bb0px|0px|0px|0px|false|false\u00bb global_colors_info=\u00bb{}\u00bb][et_pb_column type=\u00bb1_4&#8243; _builder_version=\u00bb4.27.4&#8243; _module_preset=\u00bbdefault\u00bb background_image=\u00bbhttps:\/\/www.osteopalma.eu\/wp-content\/uploads\/2025\/10\/osteopalma-nera-cuesta-lucia-pediatric-osteopath-mallorca-8.jpg\u00bb global_colors_info=\u00bb{}\u00bb][et_pb_text _builder_version=\u00bb4.27.4&#8243; _module_preset=\u00bbdefault\u00bb height=\u00bb300px\u00bb global_colors_info=\u00bb{}\u00bb][\/et_pb_text][\/et_pb_column][et_pb_column type=\u00bb1_4&#8243; _builder_version=\u00bb4.27.4&#8243; _module_preset=\u00bbdefault\u00bb background_image=\u00bbhttps:\/\/www.osteopalma.eu\/wp-content\/uploads\/2025\/10\/osteopalma-nera-cuesta-lucia-pediatric-osteopath-mallorca-7.jpg\u00bb global_colors_info=\u00bb{}\u00bb][et_pb_text _builder_version=\u00bb4.16&#8243; _module_preset=\u00bbdefault\u00bb height=\u00bb300px\u00bb global_colors_info=\u00bb{}\u00bb][\/et_pb_text][\/et_pb_column][et_pb_column type=\u00bb1_4&#8243; _builder_version=\u00bb4.27.4&#8243; _module_preset=\u00bbdefault\u00bb background_image=\u00bbhttps:\/\/www.osteopalma.eu\/wp-content\/uploads\/2025\/10\/osteopalma-nera-cuesta-lucia-pediatric-osteopath-mallorca-5.jpg\u00bb global_colors_info=\u00bb{}\u00bb][et_pb_text _builder_version=\u00bb4.16&#8243; _module_preset=\u00bbdefault\u00bb height=\u00bb300px\u00bb global_colors_info=\u00bb{}\u00bb][\/et_pb_text][\/et_pb_column][et_pb_column type=\u00bb1_4&#8243; _builder_version=\u00bb4.27.4&#8243; _module_preset=\u00bbdefault\u00bb background_image=\u00bbhttps:\/\/www.osteopalma.eu\/wp-content\/uploads\/2025\/10\/osteopalma-nera-cuesta-lucia-pediatric-osteopath-mallorca-6.jpg\u00bb global_colors_info=\u00bb{}\u00bb][et_pb_text _builder_version=\u00bb4.16&#8243; _module_preset=\u00bbdefault\u00bb height=\u00bb300px\u00bb global_colors_info=\u00bb{}\u00bb][\/et_pb_text][\/et_pb_column][\/et_pb_row][\/et_pb_section][et_pb_section fb_built=\u00bb1&#8243; admin_label=\u00bbFeatures\u00bb _builder_version=\u00bb4.16&#8243; custom_padding=\u00bb100px|0px|82px|0px||\u00bb locked=\u00bboff\u00bb global_colors_info=\u00bb{}\u00bb][et_pb_row column_structure=\u00bb1_2,1_2&#8243; _builder_version=\u00bb4.16&#8243; global_colors_info=\u00bb{}\u00bb][et_pb_column type=\u00bb1_2&#8243; _builder_version=\u00bb4.16&#8243; custom_padding=\u00bb|||\u00bb global_colors_info=\u00bb{}\u00bb custom_padding__hover=\u00bb|||\u00bb][et_pb_image src=\u00bbhttps:\/\/www.osteopalma.eu\/wp-content\/uploads\/2025\/10\/osteopalma-nera-cuesta-lucia-pediatric-osteopath-mallorca-03.jpg\u00bb title_text=\u00bbosteopata-nera-cuesta-lucia-pediatric-osteopath-mallorca-03&#8243; _builder_version=\u00bb4.27.4&#8243; _module_preset=\u00bbdefault\u00bb module_alignment=\u00bbcenter\u00bb animation_style=\u00bbfade\u00bb global_colors_info=\u00bb{}\u00bb][\/et_pb_image][\/et_pb_column][et_pb_column type=\u00bb1_2&#8243; _builder_version=\u00bb4.16&#8243; custom_padding=\u00bb|||\u00bb global_colors_info=\u00bb{}\u00bb custom_padding__hover=\u00bb|||\u00bb][et_pb_text _builder_version=\u00bb4.27.4&#8243; _module_preset=\u00bbdefault\u00bb custom_padding=\u00bb||0px|||\u00bb global_colors_info=\u00bb{}\u00bb]<\/p>\n<h1><b>NEREA CUESTA LUC\u00cdA<\/b><\/h1>\n<h3><em>Oste\u00f3pata y oste\u00f3pata pedi\u00e1trica<\/em><\/h3>\n<h3>Alem\u00e1n &#8211; Ingl\u00e9s &#8211; Espa\u00f1ol<\/h3>\n<p>[\/et_pb_text][et_pb_text _builder_version=\u00bb4.27.4&#8243; _module_preset=\u00bbdefault\u00bb global_colors_info=\u00bb{}\u00bb]<\/p>\n<p><b>Nerea Cuesta Luc\u00eda<\/b> es madre de dos hijos y cuenta con m\u00e1s de 17 a\u00f1os de experiencia acompa\u00f1ando a beb\u00e9s y familias.<\/p>\n<p><span style=\"font-weight: 400;\">Comenz\u00f3 su carrera como auxiliar de enfermer\u00eda en la planta de maternidad, donde durante a\u00f1os cuid\u00f3 de reci\u00e9n nacidos y madres en sus primeros d\u00edas juntos. Su labor inclu\u00eda la realizaci\u00f3n de controles b\u00e1sicos de salud (como el peso y la talla) y el apoyo cercano en la lactancia y la adaptaci\u00f3n a la nueva vida familiar. <\/span><\/p>\n<p>[\/et_pb_text][\/et_pb_column][\/et_pb_row][et_pb_row column_structure=\u00bb1_2,1_2&#8243; _builder_version=\u00bb4.27.4&#8243; global_colors_info=\u00bb{}\u00bb][et_pb_column type=\u00bb1_2&#8243; _builder_version=\u00bb4.16&#8243; custom_padding=\u00bb|||\u00bb global_colors_info=\u00bb{}\u00bb custom_padding__hover=\u00bb|||\u00bb][et_pb_text _builder_version=\u00bb4.27.4&#8243; _module_preset=\u00bbdefault\u00bb global_colors_info=\u00bb{}\u00bb]<\/p>\n<p><span style=\"font-weight: 400;\">Impulsada por su vocaci\u00f3n de acompa\u00f1ar a las familias, Nerea se form\u00f3 en Osteopat\u00eda y se especializ\u00f3 posteriormente en osteopat\u00eda pedi\u00e1trica. Su enfoque es <b>hol\u00edstico y basado en la evidencia cient\u00edfica<\/b><b> m\u00e1s actual<\/b>, adaptado siempre a las necesidades individuales de cada ni\u00f1o y en colaboraci\u00f3n con otros profesionales de la salud. <\/span><\/p>\n<p><span style=\"font-weight: 400;\">Adem\u00e1s, Nerea est\u00e1 profundamente comprometida con la divulgaci\u00f3n y la comunicaci\u00f3n. Utiliza un lenguaje claro y cercano para que las familias se sientan siempre informadas y acompa\u00f1adas. <\/span><\/p>\n<p><span style=\"font-weight: 400;\">Sus sesiones son suaves y respetuosas: los beb\u00e9s y ni\u00f1os no sufren en absoluto. Cada tratamiento se realiza con un tacto c\u00e1lido y cuidadoso, siempre con el objetivo de favorecer <\/span>la salud y el bienestar del ni\u00f1o.<\/p>\n<p>[\/et_pb_text][\/et_pb_column][et_pb_column type=\u00bb1_2&#8243; _builder_version=\u00bb4.16&#8243; custom_padding=\u00bb|||\u00bb global_colors_info=\u00bb{}\u00bb custom_padding__hover=\u00bb|||\u00bb][et_pb_image src=\u00bbhttps:\/\/www.osteopalma.eu\/wp-content\/uploads\/2025\/10\/osteopalma-nera-cuesta-lucia-pediatric-osteopath-mallorca-08.jpg\u00bb title_text=\u00bbosteopalma-nera-cuesta-lucia-pediatric-osteopath-mallorca-08&#8243; _builder_version=\u00bb4.27.4&#8243; _module_preset=\u00bbdefault\u00bb module_alignment=\u00bbcenter\u00bb animation_style=\u00bbfade\u00bb global_colors_info=\u00bb{}\u00bb][\/et_pb_image][\/et_pb_column][\/et_pb_row][\/et_pb_section][et_pb_section fb_built=\u00bb1&#8243; admin_label=\u00bbFeatures\u00bb _builder_version=\u00bb4.16&#8243; custom_padding=\u00bb0px|0px|0px|0px\u00bb locked=\u00bboff\u00bb global_colors_info=\u00bb{}\u00bb][et_pb_row column_structure=\u00bb1_2,1_2&#8243; use_custom_gutter=\u00bbon\u00bb gutter_width=\u00bb1&#8243; make_equal=\u00bbon\u00bb admin_label=\u00bbCTA Row\u00bb module_class=\u00bb et_pb_row_fullwidth\u00bb _builder_version=\u00bb4.27.4&#8243; width=\u00bb100%\u00bb width_tablet=\u00bb100%\u00bb width_phone=\u00bb\u00bb width_last_edited=\u00bbon|desktop\u00bb max_width=\u00bb100%\u00bb max_width_tablet=\u00bb100%\u00bb max_width_phone=\u00bb\u00bb max_width_last_edited=\u00bbon|desktop\u00bb custom_padding=\u00bb0px|0px|0px|0px\u00bb make_fullwidth=\u00bbon\u00bb global_colors_info=\u00bb{}\u00bb][et_pb_column type=\u00bb1_2&#8243; _builder_version=\u00bb4.27.4&#8243; background_image=\u00bbhttps:\/\/www.osteopalma.eu\/wp-content\/uploads\/2025\/10\/osteopalma-nera-cuesta-lucia-pediatric-osteopath-mallorca.jpg\u00bb custom_padding=\u00bb|||\u00bb global_colors_info=\u00bb{}\u00bb custom_padding__hover=\u00bb|||\u00bb][et_pb_divider show_divider=\u00bboff\u00bb _builder_version=\u00bb4.27.4&#8243; height=\u00bb400px\u00bb locked=\u00bboff\u00bb global_colors_info=\u00bb{}\u00bb][\/et_pb_divider][\/et_pb_column][et_pb_column type=\u00bb1_2&#8243; _builder_version=\u00bb4.27.0&#8243; background_color=\u00bb#83C340&#8243; custom_padding=\u00bb|||\u00bb global_colors_info=\u00bb{}\u00bb custom_padding__hover=\u00bb|||\u00bb][et_pb_cta title=\u00bbReserva tu tratamiento\u00bb button_url=\u00bb@ET-DC@eyJkeW5hbWljIjp0cnVlLCJjb250ZW50IjoicG9zdF9saW5rX3VybF9wYWdlIiwic2V0dGluZ3MiOnsicG9zdF9pZCI6IjIzNyIsImVuYWJsZV9odG1sIjoib2ZmIn19@\u00bb url_new_window=\u00bbon\u00bb button_text=\u00bbReservar en l\u00ednea\u00bb _builder_version=\u00bb4.16&#8243; _dynamic_attributes=\u00bbbutton_url\u00bb header_font=\u00bb||||||||\u00bb header_text_color=\u00bb#ffffff\u00bb header_font_size=\u00bb38px\u00bb header_line_height=\u00bb1.4em\u00bb body_font=\u00bb|500|||||||\u00bb body_text_color=\u00bb#FFFFFF\u00bb body_line_height=\u00bb1.9em\u00bb use_background_color=\u00bboff\u00bb custom_button=\u00bbon\u00bb button_text_color=\u00bb#FFFFFF\u00bb button_border_color=\u00bb#FFFFFF\u00bb button_alignment=\u00bbleft\u00bb text_orientation=\u00bbleft\u00bb max_width=\u00bb580px\u00bb max_width_tablet=\u00bb\u00bb max_width_phone=\u00bb\u00bb max_width_last_edited=\u00bbon|desktop\u00bb module_alignment=\u00bbleft\u00bb custom_margin=\u00bb|||\u00bb custom_padding=\u00bb76px|60px|76px|60px|true|\u00bb header_font_size_tablet=\u00bb32px\u00bb header_font_size_phone=\u00bb28px\u00bb header_font_size_last_edited=\u00bbon|phone\u00bb button_text_color_hover=\u00bb#2f3854&#8243; button_border_radius_hover=\u00bb66px\u00bb button_letter_spacing_hover=\u00bb1px\u00bb button_bg_color_hover=\u00bb#ffffff\u00bb global_colors_info=\u00bb{}\u00bb button_text_size__hover_enabled=\u00bboff\u00bb button_one_text_size__hover_enabled=\u00bboff\u00bb button_two_text_size__hover_enabled=\u00bboff\u00bb button_text_color__hover_enabled=\u00bbon|hover\u00bb button_text_color__hover=\u00bb#83C340&#8243; button_one_text_color__hover_enabled=\u00bboff\u00bb button_two_text_color__hover_enabled=\u00bboff\u00bb button_border_width__hover_enabled=\u00bboff\u00bb button_one_border_width__hover_enabled=\u00bboff\u00bb button_two_border_width__hover_enabled=\u00bboff\u00bb button_border_color__hover_enabled=\u00bboff\u00bb button_one_border_color__hover_enabled=\u00bboff\u00bb button_two_border_color__hover_enabled=\u00bboff\u00bb button_border_radius__hover_enabled=\u00bbon|hover\u00bb button_one_border_radius__hover_enabled=\u00bboff\u00bb button_two_border_radius__hover_enabled=\u00bboff\u00bb button_letter_spacing__hover_enabled=\u00bbon\u00bb button_letter_spacing__hover=\u00bb0px\u00bb button_one_letter_spacing__hover_enabled=\u00bboff\u00bb button_two_letter_spacing__hover_enabled=\u00bboff\u00bb button_bg_color__hover_enabled=\u00bbon|hover\u00bb button_bg_color__hover=\u00bb#234A5E\u00bb button_one_bg_color__hover_enabled=\u00bboff\u00bb button_two_bg_color__hover_enabled=\u00bboff\u00bb max_width__hover=\u00bb580px\u00bb max_width__hover_enabled=\u00bbon|hover\u00bb border_radii__hover=\u00bbon||||\u00bb border_radii__hover_enabled=\u00bbon|hover\u00bb]Es muy f\u00e1cil reservar su sesi\u00f3n de tratamiento con Nera a trav\u00e9s de nuestro sistema de reservas en l\u00ednea. [\/et_pb_cta][\/et_pb_column][\/et_pb_row][\/et_pb_section]<\/p>\n","protected":false},"excerpt":{"rendered":"<p>OSTEOPATA Nerea Cuesta Luc\u00edaNEREA CUESTA LUC\u00cdA Oste\u00f3pata y oste\u00f3pata pedi\u00e1trica Alem\u00e1n &#8211; Ingl\u00e9s &#8211; Espa\u00f1olNerea Cuesta Luc\u00eda es madre de dos hijos y cuenta con m\u00e1s de 17 a\u00f1os de experiencia acompa\u00f1ando a beb\u00e9s y familias. Comenz\u00f3 su carrera como auxiliar de enfermer\u00eda en la planta de maternidad, donde durante a\u00f1os cuid\u00f3 de reci\u00e9n nacidos [&hellip;]<\/p>\n","protected":false},"author":1,"featured_media":0,"parent":0,"menu_order":0,"comment_status":"closed","ping_status":"closed","template":"","meta":{"_et_pb_use_builder":"on","_et_pb_old_content":"","_et_gb_content_width":"","footnotes":""},"class_list":["post-1912","page","type-page","status-publish","hentry"],"_links":{"self":[{"href":"https:\/\/www.osteopalma.eu\/es\/wp-json\/wp\/v2\/pages\/1912","targetHints":{"allow":["GET"]}}],"collection":[{"href":"https:\/\/www.osteopalma.eu\/es\/wp-json\/wp\/v2\/pages"}],"about":[{"href":"https:\/\/www.osteopalma.eu\/es\/wp-json\/wp\/v2\/types\/page"}],"author":[{"embeddable":true,"href":"https:\/\/www.osteopalma.eu\/es\/wp-json\/wp\/v2\/users\/1"}],"replies":[{"embeddable":true,"href":"https:\/\/www.osteopalma.eu\/es\/wp-json\/wp\/v2\/comments?post=1912"}],"version-history":[{"count":45,"href":"https:\/\/www.osteopalma.eu\/es\/wp-json\/wp\/v2\/pages\/1912\/revisions"}],"predecessor-version":[{"id":2050,"href":"https:\/\/www.osteopalma.eu\/es\/wp-json\/wp\/v2\/pages\/1912\/revisions\/2050"}],"wp:attachment":[{"href":"https:\/\/www.osteopalma.eu\/es\/wp-json\/wp\/v2\/media?parent=1912"}],"curies":[{"name":"wp","href":"https:\/\/api.w.org\/{rel}","templated":true}]}}